{"id":8369,"date":"2019-12-23T08:46:04","date_gmt":"2019-12-23T08:46:04","guid":{"rendered":"https:\/\/www.produccions.tv\/vertical-running-penedes\/"},"modified":"2024-02-19T13:16:59","modified_gmt":"2024-02-19T14:16:59","slug":"vertical-running-penedes","status":"publish","type":"project","link":"https:\/\/www.produccions.tv\/es\/project\/vertical-running-penedes\/","title":{"rendered":"Vertical Running Pened\u00e8s"},"content":{"rendered":"<p>[et_pb_section fb_built=\u00bb1&#8243; admin_label=\u00bbM\u00f3dulo Productora audiovisual\u00bb module_class=\u00bbproject-top-header\u00bb _builder_version=\u00bb4.16&#8243; background_color=\u00bbrgba(0,0,0,0)\u00bb background_image=\u00bbhttps:\/\/www.produccions.tv\/wp-content\/uploads\/2019\/10\/back-video.jpg\u00bb background_video_mp4=\u00bbhttps:\/\/vimeo.com\/374900564&#8243; background_video_webm=\u00bbhttps:\/\/vimeo.com\/374900564&#8243; background_video_width=\u00bb100%\u00bb background_video_height=\u00bb100%\u00bb allow_player_pause=\u00bbon\u00bb custom_padding=\u00bb134px|11px|54px|0px|false|false\u00bb global_colors_info=\u00bb{}\u00bb][\/et_pb_section][et_pb_section fb_built=\u00bb1&#8243; _builder_version=\u00bb4.16&#8243; background_color=\u00bb#232323&#8243; custom_margin=\u00bb||||false|false\u00bb custom_padding=\u00bb34px||72px|78px|false|false\u00bb global_colors_info=\u00bb{}\u00bb][et_pb_row _builder_version=\u00bb4.16&#8243; width=\u00bb100%\u00bb max_width=\u00bb100%\u00bb global_colors_info=\u00bb{}\u00bb][et_pb_column type=\u00bb4_4&#8243; _builder_version=\u00bb4.16&#8243; global_colors_info=\u00bb{}\u00bb][et_pb_post_title meta=\u00bboff\u00bb featured_image=\u00bboff\u00bb text_color=\u00bblight\u00bb _builder_version=\u00bb4.16&#8243; title_font_size=\u00bb64px\u00bb text_shadow_style=\u00bbpreset3&#8243; global_colors_info=\u00bb{}\u00bb][\/et_pb_post_title][\/et_pb_column][\/et_pb_row][et_pb_row column_structure=\u00bb1_5,3_5,1_5&#8243; _builder_version=\u00bb4.16&#8243; width=\u00bb100%\u00bb max_width=\u00bb100%\u00bb custom_padding=\u00bb43px|||||\u00bb global_colors_info=\u00bb{}\u00bb][et_pb_column type=\u00bb1_5&#8243; _builder_version=\u00bb4.16&#8243; global_colors_info=\u00bb{}\u00bb][et_pb_text module_class=\u00bbproject-info\u00bb _builder_version=\u00bb4.16&#8243; text_text_color=\u00bb#ffffff\u00bb text_font_size=\u00bb20px\u00bb global_colors_info=\u00bb{}\u00bb]<\/p>\n<p><strong>Cliente:<\/strong> Espai Running<br \/><strong>Proyecto:<\/strong> Video evento<br \/><strong>Fecha:<\/strong> 2015<\/p>\n<p>[\/et_pb_text][\/et_pb_column][et_pb_column type=\u00bb3_5&#8243; _builder_version=\u00bb4.16&#8243; global_colors_info=\u00bb{}\u00bb][et_pb_text module_class=\u00bbproject-text\u00bb _builder_version=\u00bb4.16&#8243; text_text_color=\u00bb#ffffff\u00bb text_font_size=\u00bb20px\u00bb custom_css_main_element=\u00bbcolumn-count: 2;column-fill: auto; height:320px;\u00bb global_colors_info=\u00bb{}\u00bb]<\/p>\n<p lang=\"ca-ES\" align=\"JUSTIFY\">La Vertical Running Pened\u00e8s, es una carrera de monta\u00f1a en subida de 2km. de recorrido, 200m positivos de desnivel y dos series, una diurna, y una nocturna. La organiza la tienda especializada Espai Running de Vilafranca del Pened\u00e8s.<\/p>\n<p lang=\"ca-ES\" align=\"JUSTIFY\">Punt Tv Comunicaci\u00f3 Audiovisual fue la encargada de hacer el v\u00eddeo promocional del evento, una pieza \u00e1gil y moderna que ha dado a conocer la carrera en las redes sociales.<\/p>\n<p>[\/et_pb_text][\/et_pb_column][et_pb_column type=\u00bb1_5&#8243; _builder_version=\u00bb4.16&#8243; global_colors_info=\u00bb{}\u00bb][\/et_pb_column][\/et_pb_row][\/et_pb_section]<\/p>\n","protected":false},"excerpt":{"rendered":"<p>2015 &#8211; Espai Running<\/p>\n","protected":false},"author":4,"featured_media":6599,"comment_status":"closed","ping_status":"closed","template":"","meta":{"_acf_changed":false,"_et_pb_use_builder":"on","_et_pb_old_content":"","_et_gb_content_width":"","content-type":""},"project_category":[179],"project_tag":[],"acf":[],"_links":{"self":[{"href":"https:\/\/www.produccions.tv\/es\/wp-json\/wp\/v2\/project\/8369"}],"collection":[{"href":"https:\/\/www.produccions.tv\/es\/wp-json\/wp\/v2\/project"}],"about":[{"href":"https:\/\/www.produccions.tv\/es\/wp-json\/wp\/v2\/types\/project"}],"author":[{"embeddable":true,"href":"https:\/\/www.produccions.tv\/es\/wp-json\/wp\/v2\/users\/4"}],"replies":[{"embeddable":true,"href":"https:\/\/www.produccions.tv\/es\/wp-json\/wp\/v2\/comments?post=8369"}],"version-history":[{"count":7,"href":"https:\/\/www.produccions.tv\/es\/wp-json\/wp\/v2\/project\/8369\/revisions"}],"predecessor-version":[{"id":12793,"href":"https:\/\/www.produccions.tv\/es\/wp-json\/wp\/v2\/project\/8369\/revisions\/12793"}],"wp:featuredmedia":[{"embeddable":true,"href":"https:\/\/www.produccions.tv\/es\/wp-json\/wp\/v2\/media\/6599"}],"wp:attachment":[{"href":"https:\/\/www.produccions.tv\/es\/wp-json\/wp\/v2\/media?parent=8369"}],"wp:term":[{"taxonomy":"project_category","embeddable":true,"href":"https:\/\/www.produccions.tv\/es\/wp-json\/wp\/v2\/project_category?post=8369"},{"taxonomy":"project_tag","embeddable":true,"href":"https:\/\/www.produccions.tv\/es\/wp-json\/wp\/v2\/project_tag?post=8369"}],"curies":[{"name":"wp","href":"https:\/\/api.w.org\/{rel}","templated":true}]}}