{"id":8449,"date":"2019-12-23T08:32:50","date_gmt":"2019-12-23T08:32:50","guid":{"rendered":"https:\/\/www.produccions.tv\/enoturisme-penedes\/"},"modified":"2024-02-19T13:57:56","modified_gmt":"2024-02-19T14:57:56","slug":"enoturisme-penedes","status":"publish","type":"project","link":"https:\/\/www.produccions.tv\/es\/project\/enoturisme-penedes\/","title":{"rendered":"Enoturisme Pened\u00e8s"},"content":{"rendered":"<p>[et_pb_section fb_built=\u00bb1&#8243; admin_label=\u00bbM\u00f3dulo Productora audiovisual\u00bb module_class=\u00bbproject-top-header\u00bb _builder_version=\u00bb4.16&#8243; background_color=\u00bbrgba(0,0,0,0)\u00bb background_image=\u00bbhttps:\/\/www.produccions.tv\/wp-content\/uploads\/2019\/10\/back-video.jpg\u00bb background_video_mp4=\u00bbhttps:\/\/vimeo.com\/374900564&#8243; background_video_webm=\u00bbhttps:\/\/vimeo.com\/374900564&#8243; background_video_width=\u00bb100%\u00bb background_video_height=\u00bb100%\u00bb allow_player_pause=\u00bbon\u00bb custom_padding=\u00bb134px|11px|54px|0px|false|false\u00bb global_colors_info=\u00bb{}\u00bb][\/et_pb_section][et_pb_section fb_built=\u00bb1&#8243; _builder_version=\u00bb4.16&#8243; background_color=\u00bb#232323&#8243; custom_margin=\u00bb||||false|false\u00bb custom_padding=\u00bb34px||72px|78px|false|false\u00bb global_colors_info=\u00bb{}\u00bb][et_pb_row _builder_version=\u00bb4.16&#8243; width=\u00bb100%\u00bb max_width=\u00bb100%\u00bb global_colors_info=\u00bb{}\u00bb][et_pb_column type=\u00bb4_4&#8243; _builder_version=\u00bb4.16&#8243; global_colors_info=\u00bb{}\u00bb][et_pb_post_title meta=\u00bboff\u00bb featured_image=\u00bboff\u00bb text_color=\u00bblight\u00bb _builder_version=\u00bb4.16&#8243; title_font_size=\u00bb64px\u00bb text_shadow_style=\u00bbpreset3&#8243; global_colors_info=\u00bb{}\u00bb][\/et_pb_post_title][\/et_pb_column][\/et_pb_row][et_pb_row column_structure=\u00bb1_5,3_5,1_5&#8243; _builder_version=\u00bb4.16&#8243; width=\u00bb100%\u00bb max_width=\u00bb100%\u00bb custom_padding=\u00bb43px|||||\u00bb global_colors_info=\u00bb{}\u00bb][et_pb_column type=\u00bb1_5&#8243; _builder_version=\u00bb4.16&#8243; global_colors_info=\u00bb{}\u00bb][et_pb_text module_class=\u00bbproject-info\u00bb _builder_version=\u00bb4.16&#8243; text_text_color=\u00bb#ffffff\u00bb text_font_size=\u00bb20px\u00bb global_colors_info=\u00bb{}\u00bb]<\/p>\n<p><strong>Cliente:<\/strong> Enoturisme Pened\u00e8s<br \/><strong>Proyecto:<\/strong> Video corporativo<br \/><strong>Agencia:<\/strong> Par\u00e8nthesis Marqueting Consulting<br \/><strong>Fecha:<\/strong> 2013<\/p>\n<p>[\/et_pb_text][\/et_pb_column][et_pb_column type=\u00bb3_5&#8243; _builder_version=\u00bb4.16&#8243; global_colors_info=\u00bb{}\u00bb][et_pb_text module_class=\u00bbproject-text\u00bb _builder_version=\u00bb4.16&#8243; text_text_color=\u00bb#ffffff\u00bb text_font_size=\u00bb20px\u00bb custom_css_main_element=\u00bbcolumn-count: 2;column-fill: auto; height:320px;\u00bb global_colors_info=\u00bb{}\u00bb]<\/p>\n<p class=\"p1\"><span class=\"s1\">Despu\u00e9s de seis meses de trabajo, 40 jornadas de filmaci\u00f3n, 45 localizaciones, 200 actores y m\u00e1s de 200 horas de edici\u00f3n, Punt Tv Comunicaci\u00f3 Audiovisual presenta lo que es, sin lugar a dudas, uno de sus proyectos m\u00e1s ambiciosos.<\/span><\/p>\n<p class=\"p1\"><span class=\"s1\">El audiovisual #Pened\u00e8spuraemoci\u00f3, de promoci\u00f3n enotur\u00edstica de las comarcas del gran pened\u00e8s, recoge de forma din\u00e1mica la esencia de un territorio y las actividades que se pueden llevar a cabo. Para ello hemos visitado varias bodegas y cavas grabando im\u00e1genes de los procesos de elaboraci\u00f3n del vino y del cava de las comarcas del Alt Pened\u00e8s, Baix Pened\u00e8s y Garraf.<\/span><\/p>\n<p class=\"p1\"><span class=\"s1\">Tambi\u00e9n hemos conocido varias empresas tur\u00edsticas de la zona, que nos han permitido conocer con mayor profundidad las sensibilidades del territorio y el talante de quien trabaja. La filmaci\u00f3n se ha realizado con una c\u00e1mara con sensor de 35mm tipo cine.<\/span><\/p>\n<p class=\"p1\"><span class=\"s1\">Gracias al excelente trabajo de producci\u00f3n de Enoturismo Pened\u00e8s y Parenthesis Marqueting Consulting hemos podido filmar las fiestas del Pened\u00e8s desde unos puntos de vista nunca vistos hasta ahora. El Vijazz, la fiesta de la filoxera de San Sadurn\u00ed de Anoia, la fiesta castellera de San F\u00e9lix o la Fiesta Mayor de Vilafranca del Pened\u00e8s son algunas de las festividades m\u00e1s remarcables de la comarca.<\/span><\/p>\n<p class=\"p1\"><span class=\"s1\">En este v\u00eddeo promocional hemos trabajado conjuntamente con la empresa Global Image del sadurninense Blai Carda. El gran n\u00famero de sesiones de trabajo nos ha permitido establecer sinergias positivas para futuros proyectos.<\/span><\/p>\n<p class=\"p1\"><span class=\"s1\">El video se puede mirar aqu\u00ed. Le recomendamos que se acerque al nuevo centro de acogida tur\u00edstica de Vilafranca del Pened\u00e8s, donde se ha construido una sala de proyecci\u00f3n expresamente para este audiovisual.<\/span><\/p>\n<p>[\/et_pb_text][\/et_pb_column][et_pb_column type=\u00bb1_5&#8243; _builder_version=\u00bb4.16&#8243; global_colors_info=\u00bb{}\u00bb][\/et_pb_column][\/et_pb_row][\/et_pb_section]<\/p>\n","protected":false},"excerpt":{"rendered":"<p>2013 &#8211; Enoturisme Pened\u00e8s<\/p>\n","protected":false},"author":4,"featured_media":6765,"comment_status":"closed","ping_status":"closed","template":"","meta":{"_acf_changed":false,"_et_pb_use_builder":"on","_et_pb_old_content":"","_et_gb_content_width":"","content-type":""},"project_category":[204],"project_tag":[],"acf":[],"_links":{"self":[{"href":"https:\/\/www.produccions.tv\/es\/wp-json\/wp\/v2\/project\/8449"}],"collection":[{"href":"https:\/\/www.produccions.tv\/es\/wp-json\/wp\/v2\/project"}],"about":[{"href":"https:\/\/www.produccions.tv\/es\/wp-json\/wp\/v2\/types\/project"}],"author":[{"embeddable":true,"href":"https:\/\/www.produccions.tv\/es\/wp-json\/wp\/v2\/users\/4"}],"replies":[{"embeddable":true,"href":"https:\/\/www.produccions.tv\/es\/wp-json\/wp\/v2\/comments?post=8449"}],"version-history":[{"count":4,"href":"https:\/\/www.produccions.tv\/es\/wp-json\/wp\/v2\/project\/8449\/revisions"}],"predecessor-version":[{"id":12853,"href":"https:\/\/www.produccions.tv\/es\/wp-json\/wp\/v2\/project\/8449\/revisions\/12853"}],"wp:featuredmedia":[{"embeddable":true,"href":"https:\/\/www.produccions.tv\/es\/wp-json\/wp\/v2\/media\/6765"}],"wp:attachment":[{"href":"https:\/\/www.produccions.tv\/es\/wp-json\/wp\/v2\/media?parent=8449"}],"wp:term":[{"taxonomy":"project_category","embeddable":true,"href":"https:\/\/www.produccions.tv\/es\/wp-json\/wp\/v2\/project_category?post=8449"},{"taxonomy":"project_tag","embeddable":true,"href":"https:\/\/www.produccions.tv\/es\/wp-json\/wp\/v2\/project_tag?post=8449"}],"curies":[{"name":"wp","href":"https:\/\/api.w.org\/{rel}","templated":true}]}}